{"id":3,"date":"2019-12-11T09:47:27","date_gmt":"2019-12-11T08:47:27","guid":{"rendered":"http:\/\/erinnerungsort-herne.de\/aktuell\/?page_id=3"},"modified":"2020-05-05T18:50:52","modified_gmt":"2020-05-05T16:50:52","slug":"datenschutzerklaerung","status":"publish","type":"page","link":"https:\/\/erinnerungsort-herne.de\/aktuell\/datenschutzerklaerung\/","title":{"rendered":"Datenschutzerkl\u00e4rung"},"content":{"rendered":"\n<p><strong>Datenschutzerkl\u00e4rung<\/strong><\/p>\n\n\n\n<p>Auf dieser Website nehmen wir den Schutz Ihrer pers\u00f6nlichen Daten sehr ernst. Eine Nutzung der Internetseiten des <strong>\u201eF\u00f6rderkreises Mahn-und Gedenkst\u00e4tte Polizeigef\u00e4ngnis Herne e.V.\u201c <\/strong>ist grunds\u00e4tzlich ohne jede Angabe personenbezogener Daten m\u00f6glich. Ist die Verarbeitung personenbezogener Daten erforderlich und besteht f\u00fcr eine solche Verarbeitung keine gesetzliche Grundlage, holen wir generell eine Einwilligung der betroffenen Person ein. Die Verarbeitung personenbezogener Daten, beispielsweise des Namens, der Anschrift, E-Mail-Adresse oder Telefonnummer einer betroffenen Person, erfolgt stets im Einklang mit der Datenschutz-Grundverordnung und in \u00dcbereinstimmung mit den f\u00fcr den <strong>\u00bbF\u00f6rderkreis Mahn- und Gedenkst\u00e4tte Polizeigef\u00e4ngnis Herne e.V.\u00ab<\/strong> geltenden landesspezifischen Datenschutzbestimmungen. Die erhobenen Daten werden in keinem Fall verkauft oder aus anderen als den unter dem Punkt \u201everwendete Webdienste von Drittanbietern\u201c genannten Gr\u00fcnden an Dritte weitergegeben.<br>Die nachfolgende Erkl\u00e4rung gibt Ihnen einen \u00dcberblick dar\u00fcber, wie dieser Schutz gew\u00e4hrleistet und welche Art von Daten zu welchem Zweck erhoben werden.<\/p>\n\n\n\n<p><strong>Privatsph\u00e4re<\/strong><br>Der \u00bb<strong>F\u00f6rderkreis Mahn- und Gedenkst\u00e4tte Polizeigef\u00e4ngnis Herne e.V.\u00ab<\/strong> respektiert Ihre Privatsph\u00e4re. Der Schutz Ihrer Privatsph\u00e4re bei der Verarbeitung pers\u00f6nlicher Daten ist uns ein wichtiges Anliegen. Wir verarbeiten pers\u00f6nliche Daten, die bei Ihrem Besuch unserer Webseiten erhoben werden, vertraulich und nur gem\u00e4\u00df der Regeln der Datenschutz-Grundverordnung (DS-GVO). Datenschutz und Informationssicherheit sind Bestandteil unserer Organisationspolitik. Die Webseiten des \u00bb<strong> F\u00f6rderkreises Mahn-und Gedenkst\u00e4tte Polizeigef\u00e4ngnis Herne e.V. \u00ab<\/strong> k\u00f6nnen Links zu Webseiten anderer Anbieter enthalten, auf die sich diese Datenschutzerkl\u00e4rung nicht erstreckt. Nachfolgend informieren wir Sie dar\u00fcber, welche Art von Daten erfasst und zu welchem Zweck sie erhoben werden.<\/p>\n\n\n\n<p><strong>Datenverarbeitung auf dieser Internetseite<\/strong><br>Diese Website erhebt und speichert automatisch in ihren Server-Logfiles Informationen, die Ihr Browser an sie \u00fcbermittelt. Dies sind:<br>-Aufgerufene Seite,<br>\u2013 Browsertyp und -version,<br>\u2013 verwendetes Betriebssystem,<br>\u2013 Referrer-URL (die zuvor besuchte Seite),<br>\u2013 IP-Adresse und Hostname des zugreifenden Rechners,<br>\u2013 Uhrzeit der Serveranfrage.<br>Diese Daten sind f\u00fcr uns nicht bestimmten Personen zuzuordnen. Eine Zusammenf\u00fchrung dieser Daten mit anderen Datenquellen wird nicht vorgenommen, die Daten werden zudem nach einer statistischen Auswertung gel\u00f6scht.<\/p>\n\n\n\n<p><strong>Nutzung pers\u00f6nlicher Daten<\/strong><br>Unsere Webseite enth\u00e4lt Angaben, die eine schnelle elektronische Kontaktaufnahme zu unserer Einrichtung sowie eine unmittelbare Kommunikation mit uns erm\u00f6glichen. Pers\u00f6nliche Daten werden nur erhoben oder verarbeitet, wenn Sie uns diese von sich aus angeben. Wir f\u00fchren weder eine automatisierte Entscheidungsfindung noch ein Profiling durch.<\/p>\n\n\n\n<p><strong>Rechtm\u00e4\u00dfigkeit der Verarbeitung<\/strong><br>Teilen Sie uns Ihre Daten von sich aus mit, z. B. im Rahmen einer Anfrage, nutzen wir in diesem Fall Ihre pers\u00f6nlichen Daten, um Ihr Anliegen zu bearbeiten, Ihre Auftr\u00e4ge zu bearbeiten oder Ihnen Zugang zu bestimmten Angeboten oder Informationen zu verschaffen. Hierf\u00fcr dient uns Art. 6 Abs. 1 (a) DS-GVO als Rechtsgrundlage.<\/p>\n\n\n\n<p><strong>Widerspruch zur Nutzung pers\u00f6nlicher Daten<\/strong><br>Sofern keine erforderlichen Gr\u00fcnde im Zusammenhang mit einer Gesch\u00e4ftsabwicklung bestehen, k\u00f6nnen Sie die zuvor erteilte Genehmigung Ihrer pers\u00f6nlichen Datenspeicherung jederzeit mit sofortiger Wirkung schriftlich widerrufen (z. B. per E-Mail). Ihre Daten werden nicht an Dritte weitergeben, es sei denn, eine Weitergabe w\u00e4re aufgrund gesetzlicher Vorschriften erforderlich.<\/p>\n\n\n\n<p><strong>Auskunft, \u00c4nderung und L\u00f6schung Ihrer Daten<\/strong><br>Gem\u00e4\u00df geltendem Recht k\u00f6nnen Sie jederzeit schriftlich bei uns nachfragen, ob und welche personenbezogenen Daten bei uns \u00fcber Sie gespeichert sind. Sie k\u00f6nnen die unverz\u00fcgliche Berichtigung, Vervollst\u00e4ndigung, Einschr\u00e4nkung oder L\u00f6schung ihrer personenbezogenen Daten verlangen, sofern keine rechtliche Aufbewahrungspflicht besteht oder andere Gr\u00fcnde dagegen sprechen. Au\u00dferdem verf\u00fcgen Sie \u00fcber das Recht der Daten\u00fcbertragbarkeit.<\/p>\n\n\n\n<p><strong>Beschwerderecht bei der zust\u00e4ndigen Aufsichtsbeh\u00f6rde<\/strong><br>Im Falle datenschutzrechtlicher Verst\u00f6\u00dfe steht Ihnen ein Beschwerderecht bei der zust\u00e4ndigen Aufsichtsbeh\u00f6rde zu. Die zust\u00e4ndige Aufsichtsbeh\u00f6rde in datenschutzrechtlichen Fragen ist der Landesdatenschutzbeauftragte des Bundeslandes, in dem unser Unternehmen seinen Sitz hat. Eine Liste der Datenschutzbeauftragten sowie deren Kontaktdaten k\u00f6nnen folgendem Link entnommen werden: https:\/\/www.bfdi.bund.de\/DE\/Infothek\/Anschriften_Links\/anschriften_links-node.html<\/p>\n\n\n\n<p><strong>Cookies<\/strong><br>Diese Internetseiten verwenden an mehreren Stellen sogenannte Cookies. Sie dienen dazu, das Angebot nutzerfreundlicher, effektiver und sicherer zu machen. Cookies sind kleine Textdateien, die auf Ihrem Rechner abgelegt werden und die Ihr Browser speichert. Alle verwendeten Cookies sind sogenannte \u201eSession-Cookies\u201c. Sie werden \u2013 je nach Einstellung Ihres Browsers \u2013 nach Ende Ihres Besuchs automatisch gel\u00f6scht. Cookies richten auf Ihrem Rechner keinen Schaden an und enthalten keine Viren.<br>Cookies werden von uns als Betreiber dieser Seite nicht mit personenbezogenen Daten verkn\u00fcpft. Ausnahmen von dieser Regelung gelten nur dann und gem\u00e4\u00df \u00a7 6 Abs. 1 Satz 1 lit. f DSGVO, wenn es der Wahrung der berechtigten Interessen des Betreibers dieser Seite dient.<\/p>\n\n\n\n<p><strong>Kontakt<\/strong><br>Bei allen Fragen zum Datenschutz, insbesondere dem Umfang der bei uns gespeicherten Daten, dem Widerruf der Einwilligung in die Datennutzung und dem Recht auf Berichtigung und Sperrung Ihrer Daten k\u00f6nnen Sie sich an uns unter dem unten angegebenen Kontakt wenden.<br>F\u00f6rderkreis Mahn- und Gedenkst\u00e4tte Polizeigef\u00e4ngnis Herne e.V.<br>c\/o Emschertal-Museum<\/p>\n\n\n\n<p>Karl-Brandt-Weg 7<br>44629 Herne<br>Tel.: 015751317393<br>E-Mail: info@erinnerungsort-herne.de<\/p>\n","protected":false},"excerpt":{"rendered":"<p>Datenschutzerkl\u00e4rung Auf dieser Website nehmen wir den Schutz Ihrer pers\u00f6nlichen Daten sehr ernst. Eine Nutzung der Internetseiten des \u201eF\u00f6rderkreises Mahn-und Gedenkst\u00e4tte Polizeigef\u00e4ngnis Herne e.V.\u201c ist grunds\u00e4tzlich ohne jede Angabe personenbezogener Daten m\u00f6glich. Ist die Verarbeitung personenbezogener Daten erforderlich und besteht f\u00fcr eine solche Verarbeitung keine gesetzliche Grundlage, holen wir generell eine Einwilligung der betroffenen Person [&hellip;]<\/p>\n","protected":false},"author":1,"featured_media":0,"parent":0,"menu_order":0,"comment_status":"closed","ping_status":"closed","template":"templates\/template-full-width.php","meta":{"_coblocks_attr":"","_coblocks_dimensions":"","_coblocks_responsive_height":"","_coblocks_accordion_ie_support":"","_uag_custom_page_level_css":"","footnotes":""},"class_list":["post-3","page","type-page","status-publish","hentry"],"featured_image_src":null,"uagb_featured_image_src":{"full":false,"thumbnail":false,"medium":false,"medium_large":false,"large":false,"1536x1536":false,"2048x2048":false,"post-thumbnail":false,"twentytwenty-fullscreen":false},"uagb_author_info":{"display_name":"maxim-erinnerung","author_link":"https:\/\/erinnerungsort-herne.de\/aktuell\/author\/maxim-erinnerung\/"},"uagb_comment_info":0,"uagb_excerpt":"Datenschutzerkl\u00e4rung Auf dieser Website nehmen wir den Schutz Ihrer pers\u00f6nlichen Daten sehr ernst. Eine Nutzung der Internetseiten des \u201eF\u00f6rderkreises Mahn-und Gedenkst\u00e4tte Polizeigef\u00e4ngnis Herne e.V.\u201c ist grunds\u00e4tzlich ohne jede Angabe personenbezogener Daten m\u00f6glich. Ist die Verarbeitung personenbezogener Daten erforderlich und besteht f\u00fcr eine solche Verarbeitung keine gesetzliche Grundlage, holen wir generell eine Einwilligung der betroffenen Person&hellip;","_links":{"self":[{"href":"https:\/\/erinnerungsort-herne.de\/aktuell\/wp-json\/wp\/v2\/pages\/3","targetHints":{"allow":["GET"]}}],"collection":[{"href":"https:\/\/erinnerungsort-herne.de\/aktuell\/wp-json\/wp\/v2\/pages"}],"about":[{"href":"https:\/\/erinnerungsort-herne.de\/aktuell\/wp-json\/wp\/v2\/types\/page"}],"author":[{"embeddable":true,"href":"https:\/\/erinnerungsort-herne.de\/aktuell\/wp-json\/wp\/v2\/users\/1"}],"replies":[{"embeddable":true,"href":"https:\/\/erinnerungsort-herne.de\/aktuell\/wp-json\/wp\/v2\/comments?post=3"}],"version-history":[{"count":5,"href":"https:\/\/erinnerungsort-herne.de\/aktuell\/wp-json\/wp\/v2\/pages\/3\/revisions"}],"predecessor-version":[{"id":745,"href":"https:\/\/erinnerungsort-herne.de\/aktuell\/wp-json\/wp\/v2\/pages\/3\/revisions\/745"}],"wp:attachment":[{"href":"https:\/\/erinnerungsort-herne.de\/aktuell\/wp-json\/wp\/v2\/media?parent=3"}],"curies":[{"name":"wp","href":"https:\/\/api.w.org\/{rel}","templated":true}]}}